{"id":23,"date":"2014-09-10T11:43:20","date_gmt":"2014-09-10T11:43:20","guid":{"rendered":"http:\/\/www.centrosocialnsg.com\/v1\/?page_id=23"},"modified":"2019-05-01T03:23:22","modified_gmt":"2019-05-01T03:23:22","slug":"documentos","status":"publish","type":"page","link":"http:\/\/www.centrosocialnsg.com\/v1\/?page_id=23","title":{"rendered":"Documentos"},"content":{"rendered":"<div class=\"inst\">\n<table>\n<tbody>\n<tr>\n<td colspan=\"4\" height=\"20\"><a href=\"http:\/\/www.centrosocialnsg.com\/v1\/wp-content\/uploads\/2014\/09\/REGULAMENTO-INTERNO-Centro-Social-de-Nossa-Senhora-das-Gra\u00e7as.pdf\" target=\"_blank\">REGULAMENTO INTERNO &#8211; Centro Social de Nossa Senhora das Gra\u00e7as<\/a><\/td>\n<\/tr>\n<tr>\n<td colspan=\"4\" height=\"20\">\n<br \/><a href=\"http:\/\/www.centrosocialnsg.com\/v1\/wp-content\/uploads\/2019\/05\/Csnsg-Carta-Miss\u00e3o-RGPD.pdf\" target=\"_blank\">Carta Miss\u00e3o da RGPD<\/a><\/p>\n<p><\/td>\n<\/tr>\n<tr>\n<td colspan=\"4\">\n<h3>Candidatura<\/h3>\n<\/td>\n<\/tr>\n<tr>\n<td>&nbsp;<\/td>\n<td colspan=\"3\">\n<ul>\n<li>Condi\u00e7\u00f5es Gerais de Admiss\u00e3o:\n<ul>\n<li>Encontrar-se em situa\u00e7\u00e3o de necessidade de apoio e que n\u00e3o possa ser proporcionado pelas pessoas da sua rela\u00e7\u00e3o familiar;<\/li>\n<li>Possuir idade igual ou superior a 65 anos, salvo em condi\u00e7\u00f5es excecionais a considerar individualmente pela Dire\u00e7\u00e3o;<\/li>\n<li>N\u00e3o sofrer de doen\u00e7a infecto-contagiosa ou mental;<\/li>\n<li>N\u00e3o se encontrar em situa\u00e7\u00e3o de necessidade permanente de cuidados m\u00e9dicos e\/ou enfermagem a prestar por pessoal especializado;<\/li>\n<li>Responder a inqu\u00e9rito e colaborar no processo administrativo de admiss\u00e3o;<\/li>\n<li>Concord\u00e2ncia da utente e da fam\u00edlia relativamente aos princ\u00edpios, valores e normas regulamentares do \u201cCentro\u201d.<\/li>\n<\/ul>\n<\/li>\n<\/ul>\n<\/td>\n<\/tr>\n<tr>\n<td width=\"20\" height=\"20\">&nbsp;<\/td>\n<td width=\"20\">&nbsp;<\/td>\n<td width=\"20\">&nbsp;<\/td>\n<td>&nbsp;<\/td>\n<\/tr>\n<tr>\n<td>&nbsp;<\/td>\n<td colspan=\"3\">\n<ul>\n<li>Documenta\u00e7\u00e3o necess\u00e1ria;\n<ul>\n<li>Cart\u00e3o de Cidad\u00e3o ou Bilhete de Identidade;<\/li>\n<li>Cart\u00e3o de Contribuinte (NIF);<\/li>\n<li>Cart\u00e3o de Benefici\u00e1rio ou Pensionista;<\/li>\n<li>Cart\u00e3o do Servi\u00e7o Nacional de Sa\u00fade;<\/li>\n<li>Relat\u00f3rio do M\u00e9dico Assistente;<\/li>\n<li>Cart\u00e3o de Cidad\u00e3o ou Bilhete de Identidade do familiar respons\u00e1vel;<\/li>\n<li>Cart\u00e3o de Contribuinte da familiar respons\u00e1vel.<\/li>\n<\/ul>\n<\/li>\n<\/ul>\n<\/td>\n<\/tr>\n<\/tbody>\n<\/table>\n<\/div>\n","protected":false},"excerpt":{"rendered":"<p>REGULAMENTO INTERNO &#8211; Centro Social de Nossa Senhora das Gra\u00e7as Carta Miss\u00e3o da RGPD Candidatura &nbsp; Condi\u00e7\u00f5es Gerais de Admiss\u00e3o: Encontrar-se em situa\u00e7\u00e3o de necessidade de apoio e que n\u00e3o possa ser proporcionado pelas pessoas da sua rela\u00e7\u00e3o familiar; Possuir idade igual ou superior a 65 anos, salvo em condi\u00e7\u00f5es [&hellip;]<\/p>\n","protected":false},"author":1,"featured_media":0,"parent":0,"menu_order":0,"comment_status":"open","ping_status":"open","template":"","meta":{"ngg_post_thumbnail":0,"footnotes":""},"class_list":["post-23","page","type-page","status-publish","hentry"],"_links":{"self":[{"href":"http:\/\/www.centrosocialnsg.com\/v1\/index.php?rest_route=\/wp\/v2\/pages\/23"}],"collection":[{"href":"http:\/\/www.centrosocialnsg.com\/v1\/index.php?rest_route=\/wp\/v2\/pages"}],"about":[{"href":"http:\/\/www.centrosocialnsg.com\/v1\/index.php?rest_route=\/wp\/v2\/types\/page"}],"author":[{"embeddable":true,"href":"http:\/\/www.centrosocialnsg.com\/v1\/index.php?rest_route=\/wp\/v2\/users\/1"}],"replies":[{"embeddable":true,"href":"http:\/\/www.centrosocialnsg.com\/v1\/index.php?rest_route=%2Fwp%2Fv2%2Fcomments&post=23"}],"version-history":[{"count":23,"href":"http:\/\/www.centrosocialnsg.com\/v1\/index.php?rest_route=\/wp\/v2\/pages\/23\/revisions"}],"predecessor-version":[{"id":425,"href":"http:\/\/www.centrosocialnsg.com\/v1\/index.php?rest_route=\/wp\/v2\/pages\/23\/revisions\/425"}],"wp:attachment":[{"href":"http:\/\/www.centrosocialnsg.com\/v1\/index.php?rest_route=%2Fwp%2Fv2%2Fmedia&parent=23"}],"curies":[{"name":"wp","href":"https:\/\/api.w.org\/{rel}","templated":true}]}}